{"id":58,"date":"2019-08-06T17:38:43","date_gmt":"2019-08-06T15:38:43","guid":{"rendered":"http:\/\/192.168.44.137\/?page_id=58"},"modified":"2025-05-13T20:07:03","modified_gmt":"2025-05-13T18:07:03","slug":"vorstand-2","status":"publish","type":"page","link":"https:\/\/kvsunneblum.de\/?page_id=58","title":{"rendered":"Vorstand"},"content":{"rendered":"\n<p>Ein \u00dcberblick des Vorstandes 2024-2026.<\/p>\n\n\n\n<p><\/p>\n\n\n\n<figure class=\"wp-block-image aligncenter size-large is-resized\"><img loading=\"lazy\" decoding=\"async\" width=\"1024\" height=\"975\" src=\"https:\/\/kvsunneblum.de\/wp-content\/uploads\/2025\/05\/IMG-20250507-WA0008-1024x975.jpg\" alt=\"\" class=\"wp-image-3238\" style=\"width:500px\" srcset=\"https:\/\/kvsunneblum.de\/wp-content\/uploads\/2025\/05\/IMG-20250507-WA0008-1024x975.jpg 1024w, https:\/\/kvsunneblum.de\/wp-content\/uploads\/2025\/05\/IMG-20250507-WA0008-300x286.jpg 300w, https:\/\/kvsunneblum.de\/wp-content\/uploads\/2025\/05\/IMG-20250507-WA0008-768x732.jpg 768w, https:\/\/kvsunneblum.de\/wp-content\/uploads\/2025\/05\/IMG-20250507-WA0008-1536x1463.jpg 1536w, https:\/\/kvsunneblum.de\/wp-content\/uploads\/2025\/05\/IMG-20250507-WA0008-600x572.jpg 600w, https:\/\/kvsunneblum.de\/wp-content\/uploads\/2025\/05\/IMG-20250507-WA0008.jpg 1600w\" sizes=\"auto, (max-width: 1024px) 100vw, 1024px\" \/><figcaption class=\"wp-element-caption\"><strong>1. Vorsitzender <\/strong>(Mitglied gesch\u00e4ftsf\u00fchrender Vorstand)<br>Stefan Singer<br><em>Ansprechpartner: Vereinsf\u00fchrung, Vorstandssitzungen\/-Aktivit\u00e4ten, Elferrat, Umz\u00fcge<\/em><\/figcaption><\/figure>\n\n\n\n<figure class=\"wp-block-image aligncenter size-large is-resized\"><img loading=\"lazy\" decoding=\"async\" width=\"993\" height=\"1024\" src=\"https:\/\/kvsunneblum.de\/wp-content\/uploads\/2025\/05\/IMG-20250507-WA0006-993x1024.jpg\" alt=\"\" class=\"wp-image-3240\" style=\"width:500px\" srcset=\"https:\/\/kvsunneblum.de\/wp-content\/uploads\/2025\/05\/IMG-20250507-WA0006-993x1024.jpg 993w, https:\/\/kvsunneblum.de\/wp-content\/uploads\/2025\/05\/IMG-20250507-WA0006-291x300.jpg 291w, https:\/\/kvsunneblum.de\/wp-content\/uploads\/2025\/05\/IMG-20250507-WA0006-768x792.jpg 768w, https:\/\/kvsunneblum.de\/wp-content\/uploads\/2025\/05\/IMG-20250507-WA0006-1490x1536.jpg 1490w, https:\/\/kvsunneblum.de\/wp-content\/uploads\/2025\/05\/IMG-20250507-WA0006-300x309.jpg 300w, https:\/\/kvsunneblum.de\/wp-content\/uploads\/2025\/05\/IMG-20250507-WA0006-600x619.jpg 600w, https:\/\/kvsunneblum.de\/wp-content\/uploads\/2025\/05\/IMG-20250507-WA0006.jpg 1552w\" sizes=\"auto, (max-width: 993px) 100vw, 993px\" \/><figcaption class=\"wp-element-caption\"><strong>2. Vorsitzende <\/strong>(Mitglied gesch\u00e4ftsf\u00fchrender Vorstand)<br>Kristin Orben<br><em>Ansprechpartnerin: Veranstaltungen, Marketing, Organisation Weinproben<\/em>, Ortsvereinsring<\/figcaption><\/figure>\n\n\n\n<figure class=\"wp-block-image aligncenter size-large is-resized\"><img loading=\"lazy\" decoding=\"async\" width=\"1024\" height=\"1022\" src=\"https:\/\/kvsunneblum.de\/wp-content\/uploads\/2025\/05\/IMG-20250507-WA0010-1024x1022.jpg\" alt=\"\" class=\"wp-image-3241\" style=\"width:500px\" srcset=\"https:\/\/kvsunneblum.de\/wp-content\/uploads\/2025\/05\/IMG-20250507-WA0010-1024x1022.jpg 1024w, https:\/\/kvsunneblum.de\/wp-content\/uploads\/2025\/05\/IMG-20250507-WA0010-300x299.jpg 300w, https:\/\/kvsunneblum.de\/wp-content\/uploads\/2025\/05\/IMG-20250507-WA0010-150x150.jpg 150w, https:\/\/kvsunneblum.de\/wp-content\/uploads\/2025\/05\/IMG-20250507-WA0010-768x766.jpg 768w, https:\/\/kvsunneblum.de\/wp-content\/uploads\/2025\/05\/IMG-20250507-WA0010-600x599.jpg 600w, https:\/\/kvsunneblum.de\/wp-content\/uploads\/2025\/05\/IMG-20250507-WA0010-100x100.jpg 100w, https:\/\/kvsunneblum.de\/wp-content\/uploads\/2025\/05\/IMG-20250507-WA0010.jpg 1366w\" sizes=\"auto, (max-width: 1024px) 100vw, 1024px\" \/><figcaption class=\"wp-element-caption\"><strong>1. Kassierer<\/strong>in<br>Sophie Orben-Schneider<br><em> Ansprechpartner: <\/em>Mitgliederverwaltung, Wagenbau<\/figcaption><\/figure>\n\n\n\n<figure class=\"wp-block-image aligncenter size-large is-resized\"><img loading=\"lazy\" decoding=\"async\" width=\"843\" height=\"1024\" src=\"https:\/\/kvsunneblum.de\/wp-content\/uploads\/2025\/05\/IMG-20250507-WA0007-843x1024.jpg\" alt=\"\" class=\"wp-image-3242\" style=\"width:500px\" srcset=\"https:\/\/kvsunneblum.de\/wp-content\/uploads\/2025\/05\/IMG-20250507-WA0007-843x1024.jpg 843w, https:\/\/kvsunneblum.de\/wp-content\/uploads\/2025\/05\/IMG-20250507-WA0007-247x300.jpg 247w, https:\/\/kvsunneblum.de\/wp-content\/uploads\/2025\/05\/IMG-20250507-WA0007-768x933.jpg 768w, https:\/\/kvsunneblum.de\/wp-content\/uploads\/2025\/05\/IMG-20250507-WA0007-1264x1536.jpg 1264w, https:\/\/kvsunneblum.de\/wp-content\/uploads\/2025\/05\/IMG-20250507-WA0007-300x364.jpg 300w, https:\/\/kvsunneblum.de\/wp-content\/uploads\/2025\/05\/IMG-20250507-WA0007-600x729.jpg 600w, https:\/\/kvsunneblum.de\/wp-content\/uploads\/2025\/05\/IMG-20250507-WA0007.jpg 1317w\" sizes=\"auto, (max-width: 843px) 100vw, 843px\" \/><figcaption class=\"wp-element-caption\"><strong>2. Kassierer<\/strong><br>Matthias Sch\u00fctte<br><em> Ansprechpartner: <\/em>Pressewart, Ortsgemeinde, GEMA<\/figcaption><\/figure>\n\n\n\n<figure class=\"wp-block-image aligncenter size-large is-resized\"><img loading=\"lazy\" decoding=\"async\" width=\"1024\" height=\"977\" src=\"https:\/\/kvsunneblum.de\/wp-content\/uploads\/2025\/05\/IMG-20250507-WA0005-1024x977.jpg\" alt=\"\" class=\"wp-image-3243\" style=\"width:500px\" srcset=\"https:\/\/kvsunneblum.de\/wp-content\/uploads\/2025\/05\/IMG-20250507-WA0005-1024x977.jpg 1024w, https:\/\/kvsunneblum.de\/wp-content\/uploads\/2025\/05\/IMG-20250507-WA0005-300x286.jpg 300w, https:\/\/kvsunneblum.de\/wp-content\/uploads\/2025\/05\/IMG-20250507-WA0005-768x733.jpg 768w, https:\/\/kvsunneblum.de\/wp-content\/uploads\/2025\/05\/IMG-20250507-WA0005-1536x1466.jpg 1536w, https:\/\/kvsunneblum.de\/wp-content\/uploads\/2025\/05\/IMG-20250507-WA0005-600x573.jpg 600w, https:\/\/kvsunneblum.de\/wp-content\/uploads\/2025\/05\/IMG-20250507-WA0005.jpg 1600w\" sizes=\"auto, (max-width: 1024px) 100vw, 1024px\" \/><figcaption class=\"wp-element-caption\"><strong>1. Schriftf\u00fchrerin <\/strong><br>Tessa Ludwig<br><em><em>Ansprechpartnerin: Koordination Jugendausschuss<\/em>,<em> Teeny-Disco, Social Media<\/em><\/em><\/figcaption><\/figure>\n\n\n\n<figure class=\"wp-block-image aligncenter size-large is-resized\"><img loading=\"lazy\" decoding=\"async\" width=\"981\" height=\"1024\" src=\"https:\/\/kvsunneblum.de\/wp-content\/uploads\/2025\/05\/IMG-20250507-WA0009-981x1024.jpg\" alt=\"\" class=\"wp-image-3244\" style=\"width:500px\" srcset=\"https:\/\/kvsunneblum.de\/wp-content\/uploads\/2025\/05\/IMG-20250507-WA0009-981x1024.jpg 981w, https:\/\/kvsunneblum.de\/wp-content\/uploads\/2025\/05\/IMG-20250507-WA0009-287x300.jpg 287w, https:\/\/kvsunneblum.de\/wp-content\/uploads\/2025\/05\/IMG-20250507-WA0009-768x801.jpg 768w, https:\/\/kvsunneblum.de\/wp-content\/uploads\/2025\/05\/IMG-20250507-WA0009-300x313.jpg 300w, https:\/\/kvsunneblum.de\/wp-content\/uploads\/2025\/05\/IMG-20250507-WA0009-600x626.jpg 600w, https:\/\/kvsunneblum.de\/wp-content\/uploads\/2025\/05\/IMG-20250507-WA0009.jpg 1307w\" sizes=\"auto, (max-width: 981px) 100vw, 981px\" \/><figcaption class=\"wp-element-caption\"><strong>2. Schriftf\u00fchrerin<\/strong><br>Dana Sch\u00fctte-Lichtenberg<br> <em>Ansprechpartnerin: Vertretung 1. Schriftf\u00fchrerin, Stellvertretende Sitzungspr\u00e4sidentin, <\/em>Orden<\/figcaption><\/figure>\n\n\n\n<figure class=\"wp-block-image aligncenter size-large is-resized\"><img loading=\"lazy\" decoding=\"async\" width=\"931\" height=\"1024\" src=\"https:\/\/kvsunneblum.de\/wp-content\/uploads\/2025\/05\/IMG-20250507-WA0011-931x1024.jpg\" alt=\"\" class=\"wp-image-3245\" style=\"width:500px\" srcset=\"https:\/\/kvsunneblum.de\/wp-content\/uploads\/2025\/05\/IMG-20250507-WA0011-931x1024.jpg 931w, https:\/\/kvsunneblum.de\/wp-content\/uploads\/2025\/05\/IMG-20250507-WA0011-273x300.jpg 273w, https:\/\/kvsunneblum.de\/wp-content\/uploads\/2025\/05\/IMG-20250507-WA0011-768x845.jpg 768w, https:\/\/kvsunneblum.de\/wp-content\/uploads\/2025\/05\/IMG-20250507-WA0011-1396x1536.jpg 1396w, https:\/\/kvsunneblum.de\/wp-content\/uploads\/2025\/05\/IMG-20250507-WA0011-300x330.jpg 300w, https:\/\/kvsunneblum.de\/wp-content\/uploads\/2025\/05\/IMG-20250507-WA0011-600x660.jpg 600w, https:\/\/kvsunneblum.de\/wp-content\/uploads\/2025\/05\/IMG-20250507-WA0011.jpg 1438w\" sizes=\"auto, (max-width: 931px) 100vw, 931px\" \/><figcaption class=\"wp-element-caption\"><strong>Beisitzerin<\/strong><br>Denise Demare<br> <em>Ansprechpartnerin:&nbsp;<\/em>Verbandsgemeinde, Mitgliederbriefe<\/figcaption><\/figure>\n\n\n\n<figure class=\"wp-block-image aligncenter size-large is-resized\"><img loading=\"lazy\" decoding=\"async\" width=\"642\" height=\"1024\" src=\"https:\/\/kvsunneblum.de\/wp-content\/uploads\/2022\/07\/20220713_193118-642x1024.jpg\" alt=\"\" class=\"wp-image-1576\" style=\"width:321px;height:512px\" srcset=\"https:\/\/kvsunneblum.de\/wp-content\/uploads\/2022\/07\/20220713_193118-642x1024.jpg 642w, https:\/\/kvsunneblum.de\/wp-content\/uploads\/2022\/07\/20220713_193118-188x300.jpg 188w, https:\/\/kvsunneblum.de\/wp-content\/uploads\/2022\/07\/20220713_193118-768x1225.jpg 768w, https:\/\/kvsunneblum.de\/wp-content\/uploads\/2022\/07\/20220713_193118-963x1536.jpg 963w, https:\/\/kvsunneblum.de\/wp-content\/uploads\/2022\/07\/20220713_193118-1284x2048.jpg 1284w, https:\/\/kvsunneblum.de\/wp-content\/uploads\/2022\/07\/20220713_193118-300x479.jpg 300w, https:\/\/kvsunneblum.de\/wp-content\/uploads\/2022\/07\/20220713_193118-600x957.jpg 600w, https:\/\/kvsunneblum.de\/wp-content\/uploads\/2022\/07\/20220713_193118.jpg 1419w\" sizes=\"auto, (max-width: 642px) 100vw, 642px\" \/><figcaption class=\"wp-element-caption\"><strong>Beisitzer<\/strong><br>Tizian Zeitz<br> <em>Ansprechpartner: <\/em>Koordination B\u00fchnenhelfer, Altweiberfastnach (Kornmarkt)<\/figcaption><\/figure>\n\n\n\n<figure class=\"wp-block-image aligncenter size-full is-resized\"><img loading=\"lazy\" decoding=\"async\" width=\"1600\" height=\"1501\" src=\"https:\/\/kvsunneblum.de\/wp-content\/uploads\/2025\/05\/IMG-20250507-WA0014.jpg\" alt=\"\" class=\"wp-image-3246\" style=\"width:500px\" srcset=\"https:\/\/kvsunneblum.de\/wp-content\/uploads\/2025\/05\/IMG-20250507-WA0014.jpg 1600w, https:\/\/kvsunneblum.de\/wp-content\/uploads\/2025\/05\/IMG-20250507-WA0014-300x281.jpg 300w, https:\/\/kvsunneblum.de\/wp-content\/uploads\/2025\/05\/IMG-20250507-WA0014-1024x961.jpg 1024w, https:\/\/kvsunneblum.de\/wp-content\/uploads\/2025\/05\/IMG-20250507-WA0014-768x720.jpg 768w, https:\/\/kvsunneblum.de\/wp-content\/uploads\/2025\/05\/IMG-20250507-WA0014-1536x1441.jpg 1536w, https:\/\/kvsunneblum.de\/wp-content\/uploads\/2025\/05\/IMG-20250507-WA0014-600x563.jpg 600w\" sizes=\"auto, (max-width: 1600px) 100vw, 1600px\" \/><figcaption class=\"wp-element-caption\"><strong>Beisitzer<\/strong><br>Peter Korn<br> <em>Ansprechpartner\/-in:<\/em><\/figcaption><\/figure>\n\n\n\n<figure class=\"wp-block-image aligncenter size-full is-resized\"><img loading=\"lazy\" decoding=\"async\" width=\"1496\" height=\"1600\" src=\"https:\/\/kvsunneblum.de\/wp-content\/uploads\/2025\/05\/IMG-20250507-WA0013.jpg\" alt=\"\" class=\"wp-image-3249\" style=\"width:500px\" srcset=\"https:\/\/kvsunneblum.de\/wp-content\/uploads\/2025\/05\/IMG-20250507-WA0013.jpg 1496w, https:\/\/kvsunneblum.de\/wp-content\/uploads\/2025\/05\/IMG-20250507-WA0013-281x300.jpg 281w, https:\/\/kvsunneblum.de\/wp-content\/uploads\/2025\/05\/IMG-20250507-WA0013-957x1024.jpg 957w, https:\/\/kvsunneblum.de\/wp-content\/uploads\/2025\/05\/IMG-20250507-WA0013-768x821.jpg 768w, https:\/\/kvsunneblum.de\/wp-content\/uploads\/2025\/05\/IMG-20250507-WA0013-1436x1536.jpg 1436w, https:\/\/kvsunneblum.de\/wp-content\/uploads\/2025\/05\/IMG-20250507-WA0013-300x321.jpg 300w, https:\/\/kvsunneblum.de\/wp-content\/uploads\/2025\/05\/IMG-20250507-WA0013-600x642.jpg 600w\" sizes=\"auto, (max-width: 1496px) 100vw, 1496px\" \/><figcaption class=\"wp-element-caption\"><strong>Beisitzerin<\/strong><br>Melanie Bott<br> <em>Ansprechpartner\/-in:<\/em><\/figcaption><\/figure>\n\n\n\n<figure class=\"wp-block-image aligncenter size-full is-resized\"><img loading=\"lazy\" decoding=\"async\" width=\"1585\" height=\"1600\" src=\"https:\/\/kvsunneblum.de\/wp-content\/uploads\/2025\/05\/IMG-20250507-WA0015.jpg\" alt=\"\" class=\"wp-image-3250\" style=\"width:500px\" srcset=\"https:\/\/kvsunneblum.de\/wp-content\/uploads\/2025\/05\/IMG-20250507-WA0015.jpg 1585w, https:\/\/kvsunneblum.de\/wp-content\/uploads\/2025\/05\/IMG-20250507-WA0015-297x300.jpg 297w, https:\/\/kvsunneblum.de\/wp-content\/uploads\/2025\/05\/IMG-20250507-WA0015-1014x1024.jpg 1014w, https:\/\/kvsunneblum.de\/wp-content\/uploads\/2025\/05\/IMG-20250507-WA0015-150x150.jpg 150w, https:\/\/kvsunneblum.de\/wp-content\/uploads\/2025\/05\/IMG-20250507-WA0015-768x775.jpg 768w, https:\/\/kvsunneblum.de\/wp-content\/uploads\/2025\/05\/IMG-20250507-WA0015-1522x1536.jpg 1522w, https:\/\/kvsunneblum.de\/wp-content\/uploads\/2025\/05\/IMG-20250507-WA0015-300x303.jpg 300w, https:\/\/kvsunneblum.de\/wp-content\/uploads\/2025\/05\/IMG-20250507-WA0015-600x606.jpg 600w, https:\/\/kvsunneblum.de\/wp-content\/uploads\/2025\/05\/IMG-20250507-WA0015-100x100.jpg 100w\" sizes=\"auto, (max-width: 1585px) 100vw, 1585px\" \/><figcaption class=\"wp-element-caption\"><strong>Beisitzerin<\/strong><br>Sonja Grohs<br> <em>Ansprechpartner\/-in:<\/em><\/figcaption><\/figure>\n\n\n\n<figure class=\"wp-block-image aligncenter size-large is-resized\"><img loading=\"lazy\" decoding=\"async\" width=\"1024\" height=\"906\" src=\"https:\/\/kvsunneblum.de\/wp-content\/uploads\/2025\/05\/IMG-20250507-WA0004-1024x906.jpg\" alt=\"\" class=\"wp-image-3247\" style=\"width:500px\" srcset=\"https:\/\/kvsunneblum.de\/wp-content\/uploads\/2025\/05\/IMG-20250507-WA0004-1024x906.jpg 1024w, https:\/\/kvsunneblum.de\/wp-content\/uploads\/2025\/05\/IMG-20250507-WA0004-300x265.jpg 300w, https:\/\/kvsunneblum.de\/wp-content\/uploads\/2025\/05\/IMG-20250507-WA0004-768x679.jpg 768w, https:\/\/kvsunneblum.de\/wp-content\/uploads\/2025\/05\/IMG-20250507-WA0004-600x531.jpg 600w, https:\/\/kvsunneblum.de\/wp-content\/uploads\/2025\/05\/IMG-20250507-WA0004.jpg 1221w\" sizes=\"auto, (max-width: 1024px) 100vw, 1024px\" \/><figcaption class=\"wp-element-caption\"><strong>Sitzungspr\u00e4sidentin<\/strong><br> Hildegard H\u00f6ning<br> <em>Ansprechpartnerin: Kappensitzungen, Sitzungsgremium<\/em>, Dekoteam<\/figcaption><\/figure>\n\n\n\n<figure class=\"wp-block-image aligncenter size-full\"><img loading=\"lazy\" decoding=\"async\" width=\"263\" height=\"392\" src=\"https:\/\/kvsunneblum.de\/wp-content\/uploads\/2020\/06\/Sunny_transparent.png\" alt=\"\" class=\"wp-image-720\" srcset=\"https:\/\/kvsunneblum.de\/wp-content\/uploads\/2020\/06\/Sunny_transparent.png 263w, https:\/\/kvsunneblum.de\/wp-content\/uploads\/2020\/06\/Sunny_transparent-201x300.png 201w\" sizes=\"auto, (max-width: 263px) 100vw, 263px\" \/><figcaption class=\"wp-element-caption\"><strong>Sportwart\/-in Tanzgruppen<\/strong> (Kommissarisch Stefan Singer)<br> <em>Ansprechpartner\/-in: T<\/em>anzgruppen<\/figcaption><\/figure>\n\n\n\n<figure class=\"wp-block-image aligncenter size-large is-resized\"><img loading=\"lazy\" decoding=\"async\" width=\"936\" height=\"1024\" src=\"https:\/\/kvsunneblum.de\/wp-content\/uploads\/2025\/05\/IMG-20250507-WA0012-936x1024.jpg\" alt=\"\" class=\"wp-image-3248\" style=\"width:500px\" srcset=\"https:\/\/kvsunneblum.de\/wp-content\/uploads\/2025\/05\/IMG-20250507-WA0012-936x1024.jpg 936w, https:\/\/kvsunneblum.de\/wp-content\/uploads\/2025\/05\/IMG-20250507-WA0012-274x300.jpg 274w, https:\/\/kvsunneblum.de\/wp-content\/uploads\/2025\/05\/IMG-20250507-WA0012-768x840.jpg 768w, https:\/\/kvsunneblum.de\/wp-content\/uploads\/2025\/05\/IMG-20250507-WA0012-1404x1536.jpg 1404w, https:\/\/kvsunneblum.de\/wp-content\/uploads\/2025\/05\/IMG-20250507-WA0012-300x328.jpg 300w, https:\/\/kvsunneblum.de\/wp-content\/uploads\/2025\/05\/IMG-20250507-WA0012-600x656.jpg 600w, https:\/\/kvsunneblum.de\/wp-content\/uploads\/2025\/05\/IMG-20250507-WA0012.jpg 1463w\" sizes=\"auto, (max-width: 936px) 100vw, 936px\" \/><figcaption class=\"wp-element-caption\"><strong>Jugendwartin<\/strong><br>Hannah Ballof<br><em>Ansprechpartnerin: Koordination Jugendausschuss<\/em>,<em> Teeny-Disco, Social Media<\/em><\/figcaption><\/figure>\n\n\n\n<hr class=\"wp-block-separator has-alpha-channel-opacity\"\/>\n\n\n\n<p class=\"has-text-align-center\"><strong>Ansprechpartner K\u00fcchenorganisation<\/strong>: Sara Singer<br><strong>Ansprechpartner Clownsteam<\/strong>: Kerstin Kruger<\/p>\n","protected":false},"excerpt":{"rendered":"<p>Ein \u00dcberblick des Vorstandes 2024-2026. Ansprechpartner K\u00fcchenorganisation: Sara SingerAnsprechpartner Clownsteam: Kerstin Kruger<\/p>\n","protected":false},"author":1,"featured_media":0,"parent":0,"menu_order":0,"comment_status":"closed","ping_status":"closed","template":"","meta":{"site-sidebar-layout":"default","site-content-layout":"default","ast-site-content-layout":"default","site-content-style":"default","site-sidebar-style":"default","ast-global-header-display":"","ast-banner-title-visibility":"","ast-main-header-display":"","ast-hfb-above-header-display":"","ast-hfb-below-header-display":"","ast-hfb-mobile-header-display":"","site-post-title":"","ast-breadcrumbs-content":"","ast-featured-img":"","footer-sml-layout":"","ast-disable-related-posts":"","theme-transparent-header-meta":"default","adv-header-id-meta":"","stick-header-meta":"","header-above-stick-meta":"","header-main-stick-meta":"","header-below-stick-meta":"","astra-migrate-meta-layouts":"set","ast-page-background-enabled":"default","ast-page-background-meta":{"desktop":{"background-color":"","background-image":"","background-repeat":"repeat","background-position":"center center","background-size":"auto","background-attachment":"scroll","background-type":"","background-media":"","overlay-type":"","overlay-color":"","overlay-opacity":"","overlay-gradient":""},"tablet":{"background-color":"","background-image":"","background-repeat":"repeat","background-position":"center center","background-size":"auto","background-attachment":"scroll","background-type":"","background-media":"","overlay-type":"","overlay-color":"","overlay-opacity":"","overlay-gradient":""},"mobile":{"background-color":"","background-image":"","background-repeat":"repeat","background-position":"center center","background-size":"auto","background-attachment":"scroll","background-type":"","background-media":"","overlay-type":"","overlay-color":"","overlay-opacity":"","overlay-gradient":""}},"ast-content-background-meta":{"desktop":{"background-color":"var(--ast-global-color-5)","background-image":"","background-repeat":"repeat","background-position":"center center","background-size":"auto","background-attachment":"scroll","background-type":"","background-media":"","overlay-type":"","overlay-color":"","overlay-opacity":"","overlay-gradient":""},"tablet":{"background-color":"var(--ast-global-color-5)","background-image":"","background-repeat":"repeat","background-position":"center center","background-size":"auto","background-attachment":"scroll","background-type":"","background-media":"","overlay-type":"","overlay-color":"","overlay-opacity":"","overlay-gradient":""},"mobile":{"background-color":"var(--ast-global-color-5)","background-image":"","background-repeat":"repeat","background-position":"center center","background-size":"auto","background-attachment":"scroll","background-type":"","background-media":"","overlay-type":"","overlay-color":"","overlay-opacity":"","overlay-gradient":""}},"footnotes":""},"class_list":["post-58","page","type-page","status-publish","hentry"],"_links":{"self":[{"href":"https:\/\/kvsunneblum.de\/index.php?rest_route=\/wp\/v2\/pages\/58","targetHints":{"allow":["GET"]}}],"collection":[{"href":"https:\/\/kvsunneblum.de\/index.php?rest_route=\/wp\/v2\/pages"}],"about":[{"href":"https:\/\/kvsunneblum.de\/index.php?rest_route=\/wp\/v2\/types\/page"}],"author":[{"embeddable":true,"href":"https:\/\/kvsunneblum.de\/index.php?rest_route=\/wp\/v2\/users\/1"}],"replies":[{"embeddable":true,"href":"https:\/\/kvsunneblum.de\/index.php?rest_route=%2Fwp%2Fv2%2Fcomments&post=58"}],"version-history":[{"count":2,"href":"https:\/\/kvsunneblum.de\/index.php?rest_route=\/wp\/v2\/pages\/58\/revisions"}],"predecessor-version":[{"id":3252,"href":"https:\/\/kvsunneblum.de\/index.php?rest_route=\/wp\/v2\/pages\/58\/revisions\/3252"}],"wp:attachment":[{"href":"https:\/\/kvsunneblum.de\/index.php?rest_route=%2Fwp%2Fv2%2Fmedia&parent=58"}],"curies":[{"name":"wp","href":"https:\/\/api.w.org\/{rel}","templated":true}]}}